{"id":2060,"date":"2024-03-27T16:23:01","date_gmt":"2024-03-27T15:23:01","guid":{"rendered":"https:\/\/feuerwehr-muessen.de\/?page_id=2060"},"modified":"2024-11-22T10:54:24","modified_gmt":"2024-11-22T09:54:24","slug":"einsaetze-2024","status":"publish","type":"page","link":"https:\/\/feuerwehr-muessen.de\/index.php\/100-jahre-ff-muessen\/einsaetze-2024\/","title":{"rendered":"Eins\u00e4tze 2024"},"content":{"rendered":"<table class=\"einsaetze\">\n<tbody>\n<tr>\n<th>Datum \/ Zeit<\/th>\n<th>Nummer<\/th>\n<th>Einsatzart<\/th>\n<th>Einsatzort<\/th>\n<\/tr>\n<tr>\n<td>05.01.24 15:04<\/td>\n<td>01\/2024<\/td>\n<td>Technische&nbsp;Hilfe&nbsp;(Wettersch\u00e4den)<\/td>\n<td>M\u00fcssen, Louisenhof<\/td>\n<\/tr>\n<tr>\n<td>26.01.24 13:24<\/td>\n<td>02\/2024<\/td>\n<td>Technische&nbsp;Hilfe&nbsp;(Verkehrsunfall&nbsp;PKL)<\/td>\n<td>M\u00fcssen, Louisenhof<\/td>\n<\/tr>\n<tr>\n<td>15.02.24 15:09<\/td>\n<td>03\/2024<\/td>\n<td>Technische&nbsp;Hilfe&nbsp;(\u00d6l)<\/td>\n<td>M\u00fcssen,&nbsp;M\u00fchlenstra\u00dfe<\/td>\n<\/tr>\n<tr>\n<td>18.02.24 16:40<\/td>\n<td>04\/2024<\/td>\n<td>Technische&nbsp;Hilfe&nbsp;(\u00d6l)<\/td>\n<td>M\u00fcssen, Bergstra\u00dfe<\/td>\n<\/tr>\n<tr>\n<td>26.02.24 16:02<\/td>\n<td>05\/2024<\/td>\n<td>Fehlalarm&nbsp;(Brandmeldeanlage)<\/td>\n<td>B\u00fcchen,&nbsp;Auf&nbsp;der&nbsp;Geest<\/td>\n<\/tr>\n<tr>\n<td>06.03.24 17:31<\/td>\n<td>06\/2024<\/td>\n<td>Technische&nbsp;Hilfe&nbsp;(Mensch&nbsp;in&nbsp;Not)<\/td>\n<td>M\u00fcssen,&nbsp;Pferdekoppel<\/td>\n<\/tr>\n<tr>\n<td>15.03.24 20:50<\/td>\n<td>07\/2024<\/td>\n<td>Brand&nbsp;oder&nbsp;Explosion&nbsp;(Kleinbrand)<\/td>\n<td>M\u00fcssen,&nbsp;B\u00fcchener&nbsp;Stra\u00dfe<\/td>\n<\/tr>\n<tr>\n<td>03.04.24 09:59<\/td>\n<td>08\/2024<\/td>\n<td>Fehlalarm&nbsp;(Brandmeldeanlage)<\/td>\n<td>B\u00fcchen, Auf&nbsp;der&nbsp;Heide<\/td>\n<\/tr>\n<tr>\n<td>03.04.24 13:45<\/td>\n<td>09\/2024<\/td>\n<td>Sonstiger&nbsp;Einsatz&nbsp;(Sonstiger&nbsp;Einsatz)<\/td>\n<td>M\u00fcssen, Dorfstra\u00dfe<\/td>\n<\/tr>\n<tr>\n<td>05.04.24 16:07<\/td>\n<td>10\/2024<\/td>\n<td>Brand&nbsp;oder&nbsp;Explosion&nbsp;(Kleinbrand)<\/td>\n<td>Schulendorf,&nbsp;Birkenallee<\/td>\n<\/tr>\n<tr>\n<td>08.04.24 20:00<\/td>\n<td>11\/2024<\/td>\n<td>Brand&nbsp;oder&nbsp;Explosion&nbsp;(Kleinbrand)<\/td>\n<td>M\u00fcssen,&nbsp;Von-Wachholtz-Weg<\/td>\n<\/tr>\n<tr>\n<td>27.05.24 15:57<\/td>\n<td>12\/2024<\/td>\n<td>Sonstiger&nbsp;Einsatz&nbsp;(Sonstiger&nbsp;Einsatz)<\/td>\n<td>B\u00fcchen, Marderweg<\/td>\n<\/tr>\n<tr>\n<td>09.06.24 13:00<\/td>\n<td>13\/2024<\/td>\n<td>Sonstiger&nbsp;Einsatz&nbsp;(Sicherheitswachen),<br \/>Umzugsbegleitung vom Sch\u00fctzenfest<\/td>\n<td>M\u00fcssen, Dorfstra\u00dfe<\/td>\n<\/tr>\n<tr>\n<td>22.06.24 21:24<\/td>\n<td>14\/2024<\/td>\n<td>Technische&nbsp;Hilfe&nbsp;(Sonstige&nbsp;Technische&nbsp;Hilfe)<\/td>\n<td>Bahnstrecke&nbsp;(Hamburg&nbsp;&#8211;&nbsp;B\u00fcchen&nbsp;&#8211;&nbsp;Boizenburg)<\/td>\n<\/tr>\n<tr>\n<td>26.06.24 11:51<\/td>\n<td>15\/2024<\/td>\n<td>Fehlalarm&nbsp;(Brandmeldeanlage)<\/td>\n<td>B\u00fcchen,&nbsp;Auf&nbsp;der&nbsp;Geest<\/td>\n<\/tr>\n<tr>\n<td>27.06.24 14:28<\/td>\n<td>16\/2024<\/td>\n<td>Brand&nbsp;oder&nbsp;Explosion&nbsp;(Kleinbrand)<\/td>\n<td>M\u00fcssen, Dorfstra\u00dfe<\/td>\n<\/tr>\n<tr>\n<td>27.06.24 17:54<\/td>\n<td>17\/2024<\/td>\n<td>Technische&nbsp;Hilfe&nbsp;(Tier&nbsp;in&nbsp;Not)<\/td>\n<td>M\u00fcssen,&nbsp;Dorfstra\u00dfe<\/td>\n<\/tr>\n<tr>\n<td>29.06.24 14:22<\/td>\n<td>18\/2024<\/td>\n<td>Brand&nbsp;oder&nbsp;Explosion&nbsp;(Mittelbrand)<\/td>\n<td>M\u00fcssen,&nbsp;Am&nbsp;Sande<\/td>\n<\/tr>\n<tr>\n<td>10.07.24 19:25<\/td>\n<td>19\/2024<\/td>\n<td>Technische&nbsp;Hilfe&nbsp;(Mensch&nbsp;in&nbsp;Not)<\/td>\n<td>M\u00fcssen,&nbsp;M\u00fchlenstra\u00dfe<\/td>\n<\/tr>\n<tr>\n<td>14.07.24 15:35<\/td>\n<td>20\/2024<\/td>\n<td>Technische&nbsp;Hilfe&nbsp;(Mensch&nbsp;in&nbsp;Not)<\/td>\n<td>M\u00fcssen, R\u00e4tjenweg<\/td>\n<\/tr>\n<tr>\n<td>23.07.24 15:42<\/td>\n<td>21\/2024<\/td>\n<td>Brand&nbsp;oder&nbsp;Explosion&nbsp;(Kleinbrand)<\/td>\n<td>B\u00fcchen, Ellernortskamp<\/td>\n<\/tr>\n<tr>\n<td>08.08.24 23:00<\/td>\n<td>22\/2024<\/td>\n<td>Fehlalarm&nbsp;(Rauchmelder)<\/td>\n<td>M\u00fcssen, M\u00fchlenstra\u00dfe<\/td>\n<\/tr>\n<tr>\n<td>18.08.24 14:16<\/td>\n<td>23\/2024<\/td>\n<td>Fehlalarm&nbsp;(Rauchmelder)<\/td>\n<td>Klein&nbsp;Pampau,&nbsp;Eichh\u00f6rnchenweg<\/td>\n<\/tr>\n<tr>\n<td>21.08.24 13:07<\/td>\n<td>24\/2024<\/td>\n<td>Brand&nbsp;oder&nbsp;Explosion&nbsp;(Kleinbrand)<\/td>\n<td>B\u00fcchen,&nbsp;Gr\u00fcner&nbsp;Weg<\/td>\n<\/tr>\n<tr>\n<td>29.08.24 18:26<\/td>\n<td>25\/2024<\/td>\n<td>Brand&nbsp;oder&nbsp;Explosion&nbsp;(Mittelbrand)<\/td>\n<td>M\u00fcssen,&nbsp;Am&nbsp;Sande<\/td>\n<\/tr>\n<tr>\n<td>01.09.24 05:24<\/td>\n<td>26\/2024<\/td>\n<td>Brand&nbsp;oder&nbsp;Explosion&nbsp;(KFZ-Brand)<\/td>\n<td>M\u00fcssen, Raiffeisenstra\u00dfe<\/td>\n<\/tr>\n<tr>\n<td>06.09.24 08:47<\/td>\n<td>27\/2024<\/td>\n<td>Sonstiger&nbsp;Einsatz&nbsp;(Alarm\u00fcbung),<br \/>Voralarm&nbsp;f\u00fcr&nbsp;Bereitschafts\u00fcbung<\/td>\n<td>Lanken,&nbsp;Besenbinderstra\u00dfe<\/td>\n<\/tr>\n<tr>\n<td>07.09.24 07:07<\/td>\n<td>28\/2024<\/td>\n<td>Sonstiger&nbsp;Einsatz&nbsp;(Alarm\u00fcbung)<\/td>\n<td>Lanken, Besenbinderstra\u00dfe<\/td>\n<\/tr>\n<tr>\n<td>08.09.24 15:08<\/td>\n<td>29\/2024<\/td>\n<td>Brand&nbsp;oder&nbsp;Explosion&nbsp;(Mittelbrand)<\/td>\n<td>M\u00fcssen,&nbsp;Grabauer&nbsp;Stra\u00dfe<\/td>\n<\/tr>\n<tr>\n<td>13.09.24 13:49<\/td>\n<td>30\/2024<\/td>\n<td>Brand&nbsp;oder&nbsp;Explosion&nbsp;(Kleinbrand)<\/td>\n<td>M\u00fcssen,&nbsp;Bergstra\u00dfe<\/td>\n<\/tr>\n<tr>\n<td>15.09.24 13:22<\/td>\n<td>31\/2024<\/td>\n<td>Technische&nbsp;Hilfe&nbsp;(\u00d6l)<\/td>\n<td>M\u00fcssen,&nbsp;Bergstra\u00dfe<\/td>\n<\/tr>\n<tr>\n<td>18.09.24 22:02<\/td>\n<td>32\/2024<\/td>\n<td>Technische&nbsp;Hilfe&nbsp;(Mensch&nbsp;in&nbsp;Not)<\/td>\n<td>M\u00fcssen,&nbsp;Bahnhofstra\u00dfe<\/td>\n<\/tr>\n<tr>\n<td>30.09.24 10:30<\/td>\n<td>33\/2024<\/td>\n<td>Brand&nbsp;oder&nbsp;Explosion&nbsp;(Kleinbrand)<\/td>\n<td>B\u00fcchen,&nbsp;Bahnhofstra\u00dfe<\/td>\n<\/tr>\n<tr>\n<td>30.09.24 11:02<\/td>\n<td>35\/2024<\/td>\n<td>Notfalleinsatz&nbsp;(Notfalleinsatz&nbsp;ohne&nbsp;Notarzt)<\/td>\n<td>B\u00fcchen, Bahnhofstra\u00dfe<\/td>\n<\/tr>\n<tr>\n<td>30.09.24 13:07<\/td>\n<td>34\/2024<\/td>\n<td>Technische&nbsp;Hilfe&nbsp;(Wettersch\u00e4den)<\/td>\n<td>M\u00fcssen,&nbsp;Postweg<\/td>\n<\/tr>\n<tr>\n<td>10.11.24 07:23<\/td>\n<td>37\/2024<\/td>\n<td>Technische&nbsp;Hilfe&nbsp;(T\u00fcr\u00f6ffnung)<\/td>\n<td>M\u00fcssen,&nbsp;Bergstra\u00dfe<\/td>\n<\/tr>\n<tr>\n<td>14.11.24 14:45<\/td>\n<td>38\/2024<\/td>\n<td>Technische&nbsp;Hilfe&nbsp;(\u00d6l)<\/td>\n<td>M\u00fcssen,&nbsp;Dorfstra\u00dfe<\/td>\n<\/tr>\n<\/tbody>\n<\/table>\n","protected":false},"excerpt":{"rendered":"<p>Datum \/ Zeit Nummer Einsatzart Einsatzort 05.01.24 15:04 01\/2024 Technische&nbsp;Hilfe&nbsp;(Wettersch\u00e4den) M\u00fcssen, Louisenhof 26.01.24 13:24 02\/2024 Technische&nbsp;Hilfe&nbsp;(Verkehrsunfall&nbsp;PKL) M\u00fcssen, Louisenhof 15.02.24 15:09 03\/2024 Technische&nbsp;Hilfe&nbsp;(\u00d6l) M\u00fcssen,&nbsp;M\u00fchlenstra\u00dfe 18.02.24 16:40 04\/2024 Technische&nbsp;Hilfe&nbsp;(\u00d6l) M\u00fcssen, Bergstra\u00dfe 26.02.24 16:02 05\/2024 Fehlalarm&nbsp;(Brandmeldeanlage) B\u00fcchen,&nbsp;Auf&nbsp;der&nbsp;Geest 06.03.24 17:31 06\/2024 Technische&nbsp;Hilfe&nbsp;(Mensch&nbsp;in&nbsp;Not) M\u00fcssen,&nbsp;Pferdekoppel 15.03.24 20:50 07\/2024 Brand&nbsp;oder&nbsp;Explosion&nbsp;(Kleinbrand) M\u00fcssen,&nbsp;B\u00fcchener&nbsp;Stra\u00dfe 03.04.24 09:59 08\/2024 Fehlalarm&nbsp;(Brandmeldeanlage) B\u00fcchen, Auf&nbsp;der&nbsp;Heide 03.04.24 13:45 09\/2024 Sonstiger&nbsp;Einsatz&nbsp;(Sonstiger&nbsp;Einsatz) M\u00fcssen, &hellip; <a href=\"https:\/\/feuerwehr-muessen.de\/index.php\/100-jahre-ff-muessen\/einsaetze-2024\/\" class=\"more-link\"><span class=\"screen-reader-text\">Eins\u00e4tze 2024<\/span> weiterlesen <span class=\"meta-nav\">&rarr;<\/span><\/a><\/p>\n","protected":false},"author":1,"featured_media":0,"parent":1614,"menu_order":0,"comment_status":"closed","ping_status":"closed","template":"","meta":{"ngg_post_thumbnail":0,"footnotes":""},"class_list":["post-2060","page","type-page","status-publish","hentry"],"_links":{"self":[{"href":"https:\/\/feuerwehr-muessen.de\/index.php\/wp-json\/wp\/v2\/pages\/2060","targetHints":{"allow":["GET"]}}],"collection":[{"href":"https:\/\/feuerwehr-muessen.de\/index.php\/wp-json\/wp\/v2\/pages"}],"about":[{"href":"https:\/\/feuerwehr-muessen.de\/index.php\/wp-json\/wp\/v2\/types\/page"}],"author":[{"embeddable":true,"href":"https:\/\/feuerwehr-muessen.de\/index.php\/wp-json\/wp\/v2\/users\/1"}],"replies":[{"embeddable":true,"href":"https:\/\/feuerwehr-muessen.de\/index.php\/wp-json\/wp\/v2\/comments?post=2060"}],"version-history":[{"count":12,"href":"https:\/\/feuerwehr-muessen.de\/index.php\/wp-json\/wp\/v2\/pages\/2060\/revisions"}],"predecessor-version":[{"id":2101,"href":"https:\/\/feuerwehr-muessen.de\/index.php\/wp-json\/wp\/v2\/pages\/2060\/revisions\/2101"}],"up":[{"embeddable":true,"href":"https:\/\/feuerwehr-muessen.de\/index.php\/wp-json\/wp\/v2\/pages\/1614"}],"wp:attachment":[{"href":"https:\/\/feuerwehr-muessen.de\/index.php\/wp-json\/wp\/v2\/media?parent=2060"}],"curies":[{"name":"wp","href":"https:\/\/api.w.org\/{rel}","templated":true}]}}