{"id":1278,"date":"2019-02-20T10:47:20","date_gmt":"2019-02-20T09:47:20","guid":{"rendered":"https:\/\/feuerwehr-muessen.de\/?page_id=1278"},"modified":"2020-01-02T15:46:28","modified_gmt":"2020-01-02T14:46:28","slug":"berichte-2019","status":"publish","type":"page","link":"https:\/\/feuerwehr-muessen.de\/index.php\/berichte-2019\/","title":{"rendered":"Berichte 2019"},"content":{"rendered":"<h3 class=\"berichte\">31.12.2019 &#8211; 23:03 Uhr<\/h3>\n<p>Zum Ende des Jahres wurden wir durch Sirene und Meldeempf\u00e4nger zu einem Heckenbrand gerufen. Wir l\u00f6schten die brennende Hecke und einen Busch am Haus mit unserem Schnellangriff. Nach einer halben Stunde r\u00fcckten wieder ins Feuerwehrger\u00e4tehaus ein.<\/p>\n<h3 class=\"berichte\">05.11.2019 &#8211; 14:30 Uhr<\/h3>\n<p>Um 14:30 Uhr wurden wir durch Sirene und Meldeempf\u00e4nger in die Dorfstra\u00dfe und M\u00fchlenstra\u00dfe gerufen. An beiden Orten kam es zu \u00dcberschwemungen durch Starkregen. An den Einsatzorten zogen wir die Stra\u00dfeneinl\u00e4ufe um f\u00fcr Ablauf zu sorgen. Nach einer halben Stunde r\u00fcckten wir wieder ins Feuerwehrger\u00e4tehaus ein.<\/p>\n<h3 class=\"berichte\">01.11.2019 &#8211; 09:03 Uhr<\/h3>\n<p>Um 09:03 Uhr ernt\u00f6nten die Meldeempf\u00e4nger der F\u00fchrungskr\u00e4fte der 1. Allgemeinen Feuerwehrbereitschaft.<\/p>\n<p>Es war ein Voralarm f\u00fcr eine \u00dcbung in Wiehrshop, am Samstag den 02.11.19 09:00 Uhr. Dort findet eine gro\u00dfe \u00dcbung mit mehreren Szenarien statt.<\/p>\n<h3 class=\"berichte\">31.10.2019 &#8211; 20:47 Uhr<\/h3>\n<p>Um 20:47 Uhr ert\u00f6nten Sirene und Meldempf\u00e4nger. Wir wurden nach Klein Pampau, zu einem Zimmerbrand, gerufen. Am Einsatzort unterst\u00fctzten wir die Feuerwehr Klein Pampau beim Aufbau einer Wasserversorgung und stellten 4 Atemschutzger\u00e4tetr\u00e4ger bereit. Nach Erkundung der Feuerwehr Klein Pampau konnte lediglich ein geschlossenes Kaminfeuer festgestellt werden. Dieses wurde durch schlie\u00dfen der Luftzufuhr erstickt und ein Schornsteinfeger hinzugezogen. Gegen 22:00 Uhr r\u00fcckten die 25 M\u00fcssener Kameraden wieder ein. <\/p>\n<h3 class=\"berichte\">28.10.2019 &#8211; 13:50 Uhr<\/h3>\n<p>Um 13:50 Uhr wurden wir per Meldeempf\u00e4nger in die M\u00fchlenstra\u00dfe gerufen. Dort fanden wir eine \u00fcberflutete Stra\u00dfe vor. Wir zogen die Stra\u00dfeneinl\u00e4ufe um f\u00fcr Ablauf zu sorgen. Nach einer halben Stunde r\u00fcckten die 6 M\u00fcssener Kameraden wieder im Feuerwehrger\u00e4tehaus ein.<\/p>\n<h3 class=\"berichte\">25.10. &#8211; 26.10.19<\/h3>\n<p>Am 25.10.19 um 20:00 Uhr wurde die Wehrf\u00fchrung, \u00fcber einen Voralarm, f\u00fcr eine Gro\u00df\u00fcbung alamiert. Am 26.10.19 ging es um 8:30 Uhr mit dem TSF GW zu einer Katastrophenschutz\u00fcbung in Langlehsten. Dort wurde ein Waldbrand simuliert und das Einsatzszenario abgearbeitet. Um 15 Uhr war die \u00dcbung beendet.<\/p>\n<h3 class=\"berichte\">18.10.19 &#8211; 16:27 Uhr<\/h3>\n<p>Gegen 16:00 Uhr zog ein Unwetter \u00fcber den Ort. Kurz darauf wurden wir um 16:27 Uhr nach Klein Pampau alamiert. Dort blockierte ein Baum die Fahrbahn der Waldstra\u00dfe. Als wir eintrafen waren die Klein Pampauer Kameraden bereits vor Ort, sodass wir wieder einr\u00fccken konnten. Auf der R\u00fcckfahrt erreichte uns ein Funkspruch der Leitstelle \u00fcber weitere umgest\u00fcrzte B\u00e4ume, welche den Radweg der Grabauer Stra\u00dfe blockierten. Wir zers\u00e4gten diese und r\u00e4umten sie zur Seite. Um 17:10 Uhr r\u00fcckten die 20 Kameraden wieder ins Feuerwehrger\u00e4tehaus ein.<\/p>\n<h3 class=\"berichte\">03.09.19 &#8211; 12:56 Uhr<\/h3>\n<p>Erneut ert\u00f6nten Sirene und Meldeempf\u00e4nger.<br \/>\nDurch diese wurden wir um 12:56 Uhr zu einer \u00d6lspur gerufen, welche sich durch den gesamten Ort erstreckte. Mit 13 Kameraden nahmen wir mithilfe von \u00d6lbindemittel das \u00d6l auf. Um 14:35 Uhr r\u00fcckten wir wieder im Feuerwehrger\u00e4tehaus ein. <\/p>\n<h3 class=\"berichte\">03.09.19 &#8211; 11:31 Uhr<\/h3>\n<p>Um 11:31 Uhr wurden wir zu seinem herabh\u00e4ngenden Ast, welcher herabzufallen drohte, gerufen. Vor Ort schafften wir uns mit unserem TSF\/GW eine Arbeitsb\u00fchne und namen den Ast ab. <\/p>\n<h3 class=\"berichte\">27.08.2019 &#8211; 12:55 Uhr<\/h3>\n<p>Um 12:55 Uhr wurden wir von der Polizei  zu einem circa 5 Quadratmeter gro\u00dfen \u00d6lfleck gerufen. Vor Ort streuten wir das ausgelaufene \u00d6l mit \u00d6lbindemittel ab und nahmen dies anschlie\u00dfend auf. Nach 30 Minuten r\u00fcckten wir wieder ins Feuerwehrger\u00e4tehaus ein.<\/p>\n<h3 class=\"berichte\">21.08.2019 &#8211; 13:11 Uhr<\/h3>\n<p>Um 13:11 Uhr wurden wir durch Sirene und Meldeempf\u00e4nger zu einem Heckenbrand gerufen. Beim abbrennen von Unkraut kam es zu einem Feuer in einer Hecke. Mit 12 Kameraden r\u00fcckten wir am Einsatzort an, w\u00e4hrend Anwohner erste L\u00f6schversuche unternahmen. Wir l\u00f6schten die brennende Hecke ab und r\u00fcckten anschlie\u00dfend wieder im Feuerwehrger\u00e4tehaus ein. <\/p>\n<p><a href=\"https:\/\/feuerwehr-muessen.de\/wp-content\/uploads\/2019\/08\/einsatz.png\"><img loading=\"lazy\" decoding=\"async\" src=\"https:\/\/feuerwehr-muessen.de\/wp-content\/uploads\/2019\/08\/einsatz-450x217.png\" alt=\"\" width=\"450\" height=\"217\" class=\"alignleft size-medium wp-image-1430\" style=\"margin-bottom:40px\" srcset=\"https:\/\/feuerwehr-muessen.de\/wp-content\/uploads\/2019\/08\/einsatz-450x217.png 450w, https:\/\/feuerwehr-muessen.de\/wp-content\/uploads\/2019\/08\/einsatz-1024x493.png 1024w, https:\/\/feuerwehr-muessen.de\/wp-content\/uploads\/2019\/08\/einsatz.png 1198w\" sizes=\"auto, (max-width: 450px) 100vw, 450px\" \/><\/a><\/p>\n<div style=\"height:40px\"><\/div>\n<h3 class=\"berichte\">18.08.2019 &#8211; 21:01 Uhr<\/h3>\n<p>Um 21:01 Uhr wurde die Wehrf\u00fchrung mittels Meldeempf\u00e4nger zur Erkundung in die Raiffeisenstra\u00dfe gerufen. Dort war ein unbekanntes akustisches Signal zu h\u00f6ren. An der Einsatzstelle konnten keine Gefahren festgestellt werden, wodurch diese der Polizei \u00fcbergeben wurde.<\/p>\n<h3 class=\"berichte\">30.07.19 &#8211; 10:30 Uhr<\/h3>\n<p>Um 10:30 Uhr wurden wir erneut durch Sirene und Meldeempf\u00e4nger zu einem mit Wasser vollgelaufenen Keller alamiert. Wir r\u00fcckten mit allen Fahrzeugen an und f\u00f6rderten mittels Lenzpumpe das Wasser aus dem Keller.<\/p>\n<p>Nach ca. 30 Minuten  war der Einsatz abgearbeitet.<\/p>\n<h3 class=\"berichte\">30.07.19 &#8211; 7:40 &#8211; 9:30 Uhr<\/h3>\n<p>Um 7:40 Uhr wurden wir durch Sirene und Melder zu einem mit Wasser vollstehenden Keller gerufen. Wir f\u00f6rderten mit Tauchpumpen das Wasser aus dem Keller. Durch den Starken andauernden Regen, lief allerdings immer mehr Wasser in den Keller. Wir verschlossen den Eingang mit mehreren Reihen Sands\u00e4cken.<\/p>\n<p>Um 8:00 Uhr wurde uns gemeldet, dass die M\u00fchlenstra\u00dfe am \u00fcberflutet ist. Am Einsatzort wurde die Stra\u00dfe von uns Abgesperrt und die Stra\u00dfeneinl\u00e4ufe gezogen.<\/p>\n<p>Um 8:10 Uhr ging es in die Dorfstra\u00dfe. Dort drohte das Wasser von der Stra\u00dfe in einen Keller zu laufen. Wir sperrten die Stra\u00dfe und zogen die Stra\u00dfeneinl\u00e4ufe.<\/p>\n<p>Um 9:00 Uhr wurde uns erneut ein mit Wasser vollgelaufener Keller gemeldet. Wir pumpen das Wasser ab und beendeten den Einsatz.<\/p>\n<p>Um 9:30 Uhr r\u00fcckten wir wieder ins Feuerwehr Ger\u00e4tehaus ein.<\/p>\n<h3 class=\"berichte\">29.07.19 &#8211; 14:15 Uhr<\/h3>\n<p>Am Nachmittag zog ein Unwetter \u00fcber den Kreis Herzogtum Lauenburg. Dadurch kam es zu zahlreichen Unwettersch\u00e4den im Ortsgebiet.<\/p>\n<p>Wir wurden zu 6 Lenzeins\u00e4tzen alamiert, bei denen es darum ging mit Wasser vollgelaufene Privatkeller leerzupumpen.<\/p>\n<p>W\u00e4hrend dieser Eins\u00e4tze kam es zu weiteren Alamierungen. In der Raiffeisenstra\u00dfe wurde eine unklare Rauchentwicklung gemeldet, der wir nachgehen mussten. Am Einsatzort stellte sich ein Fehlalarm heraus.<\/p>\n<p>Im R\u00e4tjenweg verlor ein landwirtschaftliches Fahrzeug Getreide, welches wir im Zuge der Eins\u00e4tze mit beseitigt haben.<\/p>\n<p>In der M\u00fchlenstra\u00dfe drohte Wasser in eine Travoanlage zu laufen, was wir durch ziehen der Stra\u00dfeneinl\u00e4ufe verhindern konnten.<\/p>\n<p>Durch ein undichtest Dach brach Wasser in eine Halle eines Agrarunternehmens ein.<\/p>\n<p>Gegen 16:00 Uhr meldete der Wehrf\u00fchrer die Wehr Einsatzbereit.<\/p>\n<h3 class=\"berichte\">26.07.19 &#8211; 17:45 Uhr<\/h3>\n<p>Um 17:45 Uhr informierte uns unser Wehrf\u00fchrer \u00fcber eine erhebliche Menge Getreide, welche in einer Kurve auf der Stra\u00dfe lag. Sechs unserer Kameraden machten sich auf den Weg um das Getreide von der Stra\u00dfe zu entfernen und die Gefahr zu beseitigen. Um 18:30 Uhr war der Einsatz abgearbeitet.<\/p>\n<h3 class=\"berichte\">24.07.2019 &#8211; 14:52 Uhr Uhr<\/h3>\n<p>Brandmeldeanlage gab Anlass zum Fehlalarm.<\/p>\n<h3 class=\"berichte\">18.07.2019 &#8211; 18:25 Uhr Uhr<\/h3>\n<p>Um 18:25 Uhr meldete ein Anwohner in der M\u00fchlenstra\u00dfe eine unbekannte Schlange auf der Stra\u00dfe. Zwei M\u00fcssener Kameraden machten sich mit dem MTW auf den Weg und alarmierten einen Sachberater um das Tier zu identifizieren. Vor Ort fanden sie eine ca. 1m lange Schlange, welche sie nach telefonischer Beratung einfingen und dem \u00f6rtlichen Veterin\u00e4r \u00fcbergaben.<\/p>\n<h3 class=\"berichte\">18.07.2019 &#8211; 16:17 Uhr Uhr<\/h3>\n<p>Um 16:17 Uhr wurden wir zu einer brennenden Rundballenpresse am m\u00fcssener Ortseingang gerufen. Vor Ort standen die Ballenpresse und ca. 500 m3 des Feldes in Brand. Wir gingen mit insgesamt 3 C-Strahlrohren und Cafs-Anlage zur Brandbek\u00e4mpfung vor. Um an das brennende Heu in der Ballenpresse zu gelangen, setzten wir unsere hydraulische Schere und Spreizer ein. Es wurden 8 PA-Trupps im Wechsel eingesetzt.<\/p>\n<p>Um 18:10 Uhr r\u00fcckten wir wieder ins Feuerwehr-Ger\u00e4tehaus ein.<\/p>\n<p><a href=\"http:\/\/feuerwehr-muessen.de\/index.php\/galerie\/\">Fotos von diesem Einsatz in der Galerie<\/a><\/p>\n<h3 class=\"berichte\">15.07.2019 &#8211; 09:02 Uhr Uhr<\/h3>\n<p>Montag Vormittag um 09:02 Uhr wurden wir durch Sirene und Melder zu einem K\u00fcchenbrand in B\u00fcchen alamiert. Wir r\u00fcckten mit 16 Kameraden nach B\u00fcchen aus. W\u00e4hrend der Anfahrt hatten die B\u00fcchener Kameraden die Lage bereits unter Kontrolle, wodurch wir wieder ins Ger\u00e4tehaus einr\u00fccken konnten.<\/p>\n<h3 class=\"berichte\">11.07.2019 &#8211; 23:30 Uhr Uhr &#8211; 00:00<\/h3>\n<p>Um 23:30 Uhr wurden wir von der Polizei in die alte M\u00fcssener Kieskuhle alamiert. Vor Ort wurde ein illegales Feuer festgestellt, welches wir sofort abl\u00f6schten. Nach ca. einer halben Stunde r\u00fcckten die 20 Kameraden wieder in das Feuerwehrger\u00e4tehaus ein.<\/p>\n<h3 class=\"berichte\">15.06.2019 &#8211; 08:55 Uhr &#8211; 13:00<\/h3>\n<p>Im Laufe des Vormittags zog ein starkes Unwetter \u00fcber den Ort, wodurch es zu zahlreichen Meldungen beim Wehrf\u00fchrer und der Leitstelle kam. Gemeldet wurden: \u00fcberschwemmte Stra\u00dfen, vollgelaufene Privatkeller und hochgedr\u00fcckte Sieldeckel.<br \/>\nNach einer Erkundung des stv. Wehrf\u00fchrers und stv. Gruppenf\u00fchrers wurden wir in Absprache mit der Leitstelle alamiert.<br \/>\nAn diesem Vormittag arbeiteten wir bis zu 13 Einsatzstellen im Ortsgebiet ab.<\/p>\n<h3 class=\"berichte\">15.06.2019 &#8211; 07:38 Uhr<\/h3>\n<p>Um 07:38 Uhr ert\u00f6nten Sirene und Melder, durch welche wir zu einem Blitzeinschlag in der Dorfstra\u00dfe gerufen wurden. Wir bauten eine Wasserversorgung, sowie einen L\u00f6schangriff auf. Ein PA-Trupp kontrollierte mit dem Einsatzleiter das Geb\u00e4ude. Nach ca. 30 min konnten wir wieder einr\u00fccken.<\/p>\n<h3 class=\"berichte\">12.06.2019 &#8211; 17:21 Uhr<\/h3>\n<p>W\u00e4hrend eines starken Unwetters wurden wir zu einem Kabelbrand nach Blitzeinschlag, in Klein Pampau, alamiert. Am Einsatzort bereiteten wir einen L\u00f6schangriff vor und stellten PA-Trupps bereit. W\u00e4hrend der Kontrolle des Geb\u00e4udes konnte kein Feuer festgestellt werden. Nach ca. 40 min r\u00fcckten wir wieder ein.<\/p>\n<h3 class=\"berichte\">02.06.2019 &#8211; 14:00 Uhr<\/h3>\n<p>Sonntag Nachmittag wurden wir per Melder-Schleife zu einer auslaufenden \u00d6lwanne eines PKW&#8217;s gerufen. Wir streuten die betroffenen Stellen mit \u00d6lbindemittel ab um Umweltsch\u00e4den zu vermeiden.<\/p>\n<h3 class=\"berichte\">30.05.2019 &#8211; 17:05 Uhr<\/h3>\n<p>Um 17:05 Uhr wurden wir zur Unterst\u00fctzung nach Klein Pampau alamiert. Dort kam es zu einem Feuer, in einem \u00d6l-Ofen. Als wir am Einsatztort eintrafen, hatten die Kameraden aus Klein Pampau das Feuer bereits unter Kontrolle und wir konnten wieder ins Feuerwehr-Ger\u00e4tehaus einr\u00fccken.<\/p>\n<h3 class=\"berichte\">20.05.2019 &#8211; 16:09 Uhr<\/h3>\n<p>Am Montag um 16:09 Uhr wurden wir zum beseitigen einer \u00d6lspur gerufen.<br \/>\nDiese wurde von uns und den Kameraden der Feuerwehr B\u00fcchen abgestreut und aufgenommen.<\/p>\n<h3 class=\"berichte\">22.04.2019 &#8211; 12:50 Uhr<\/h3>\n<p>Um 12:50 Uhr wurden wir zu einem Scheunenbrand in Bartelsdorf alamiert.<br \/>\nAm Einsatzort unterst\u00fctzten wir die Feuerwehr Schulendorf eine Wasserversorgung aufzubauen, \u00fcbernahmen die Atemschutz\u00fcberwachung und stellten 3 Atemschutztrupps in Bereitschaft.<br \/>\nGegen 14:00 Uhr r\u00fcckten wir wieder im Feuerwehrger\u00e4tehaus ein.<\/p>\n<h3 class=\"berichte\">03.04.2019 &#8211; 18:53 Uhr<\/h3>\n<p>Um 18:53 Uhr wurden wir zu einem &#8222;Feuer Y&#8220; auf einem Landwirtschaftlichen Hof alarmiert.<br \/>\nDie Einsatzstelle befand sich im m\u00fcssener Ortskern, an welcher zwei vermisste Personen gemeldet wurden.<\/p>\n<p>Nach Erkundung der Einsatzstelle stellte sich heraus, dass es sich um eine Amtswehr\u00fcbung handelte.<br \/>\nWir stellten eine Wasserversorgung \u00fcber lange Wegstrecke, vom m\u00fcssener See bis zu Einsatzstelle, her.<br \/>\nEs wurden 8 Atemschutz-Trupps f\u00fcr die Menschenrettung und Brandbek\u00e4mpfung eingesetzt.<br \/>\nEbenfalls wurden die Feuerwehren B\u00fcchen, Klein Pampau und Schulendorf alamiert.<\/p>\n<h3 class=\"berichte\">16.03.2019 &#8211; ab 17:42 Uhr<\/h3>\n<p>17:42 Uhr, 18:17 Uhr und 19:19 Uhr Fehlalarm. Ein technischer Defekt bei der Leitstelle hat zum Ausl\u00f6sen diverser Sirenen im Umkreis gef\u00fchrt. Seitens der Feuerwehren war kein Eingreifen erforderlich.<\/p>\n<h3 class=\"berichte\">01.03.2019 &#8211; 17:41 Uhr<\/h3>\n<p>Um 14:22 Uhr wurden wir nach B\u00fcchen alarmiert. Gemeldet wurde ein Zimmerbrand. Mit 16 Kameraden r\u00fcckten wir aus. Ein Atemschutztrupp wurde in Bereitstellung gehalten. Nach R\u00fccksprache mit der Einsatzleitung B\u00fcchen konnten wir nach 20 Minuten wieder einr\u00fccken.<\/p>\n<h3 class=\"berichte\">19.02.2019 &#8211; 17:41 Uhr<\/h3>\n<p>Um 17:41 Uhr ert\u00f6nten wieder Sirene und Meldeempf\u00e4nger in der Gemeinde.<br \/>\nEinsatzstichwort: Rauchentwicklung in B\u00fcchen. Jedoch konnten wir auf der Anfahrt die Einsatzfahrt abbrechen und kurze Zeit sp\u00e4ter wieder einr\u00fccken.<\/p>\n<h3 class=\"berichte\">18.02.2019 &#8211; 13:49 Uhr<\/h3>\n<p>Um 13:49 Uhr wurden wir \u00fcber Sirene und Meldeempf\u00e4nger nach B\u00fcchen-P\u00f6trau alarmiert. Auf der L205 wurde ein Fahrer in seinem Fahrzeug nach einem Verkehrsunfall eingeklemmt.<\/p>\n<p>Wir unterst\u00fctzen die FF B\u00fcchen bei der Patientenrettung und in Absprache mit dem Einsatzleiter der FF B\u00fcchen wurde parallel unser hydraulisches Rettungsger\u00e4t eingesetzt. Hier bew\u00e4hrte sich mal wieder die gute Zusammenarbeit beider Wehren.<\/p>\n<p><a href=\"http:\/\/feuerwehr-muessen.de\/index.php\/galerie\/\">Fotos hierzu in der Galerie<\/a><br \/>\n<a href=\"http:\/\/m.ln-online.de\/Lokales\/Lauenburg\/Schwerer-Unfall-zwischen-Buechen-und-Franzhagen-Mann-in-Lebensgefahr\" target=\"_blank\" rel=\"noopener noreferrer\">Bericht dazu in der LN Online<\/a><\/p>\n<h3 class=\"berichte\">04.01.2019 &#8211; 12:40 Uhr<\/h3>\n<p>Um 12:40 Uhr wurden wir zu einer \u00d6lspur, die durch das Gemeindegebiet f\u00fchrte alarmiert.<br \/>\nNach einer Stunde konnten 14 Kameraden wieder einr\u00fccken.<\/p>\n","protected":false},"excerpt":{"rendered":"<p>31.12.2019 &#8211; 23:03 Uhr Zum Ende des Jahres wurden wir durch Sirene und Meldeempf\u00e4nger zu einem Heckenbrand gerufen. Wir l\u00f6schten die brennende Hecke und einen Busch am Haus mit unserem Schnellangriff. Nach einer halben Stunde r\u00fcckten wieder ins Feuerwehrger\u00e4tehaus ein. 05.11.2019 &#8211; 14:30 Uhr Um 14:30 Uhr wurden wir durch Sirene und Meldeempf\u00e4nger in die &hellip; <a href=\"https:\/\/feuerwehr-muessen.de\/index.php\/berichte-2019\/\" class=\"more-link\"><span class=\"screen-reader-text\">Berichte 2019<\/span> weiterlesen <span class=\"meta-nav\">&rarr;<\/span><\/a><\/p>\n","protected":false},"author":1,"featured_media":0,"parent":0,"menu_order":0,"comment_status":"closed","ping_status":"closed","template":"","meta":{"ngg_post_thumbnail":0,"footnotes":""},"class_list":["post-1278","page","type-page","status-publish","hentry"],"_links":{"self":[{"href":"https:\/\/feuerwehr-muessen.de\/index.php\/wp-json\/wp\/v2\/pages\/1278","targetHints":{"allow":["GET"]}}],"collection":[{"href":"https:\/\/feuerwehr-muessen.de\/index.php\/wp-json\/wp\/v2\/pages"}],"about":[{"href":"https:\/\/feuerwehr-muessen.de\/index.php\/wp-json\/wp\/v2\/types\/page"}],"author":[{"embeddable":true,"href":"https:\/\/feuerwehr-muessen.de\/index.php\/wp-json\/wp\/v2\/users\/1"}],"replies":[{"embeddable":true,"href":"https:\/\/feuerwehr-muessen.de\/index.php\/wp-json\/wp\/v2\/comments?post=1278"}],"version-history":[{"count":31,"href":"https:\/\/feuerwehr-muessen.de\/index.php\/wp-json\/wp\/v2\/pages\/1278\/revisions"}],"predecessor-version":[{"id":1453,"href":"https:\/\/feuerwehr-muessen.de\/index.php\/wp-json\/wp\/v2\/pages\/1278\/revisions\/1453"}],"wp:attachment":[{"href":"https:\/\/feuerwehr-muessen.de\/index.php\/wp-json\/wp\/v2\/media?parent=1278"}],"curies":[{"name":"wp","href":"https:\/\/api.w.org\/{rel}","templated":true}]}}