{"id":126,"date":"2015-06-03T18:45:55","date_gmt":"2015-06-03T16:45:55","guid":{"rendered":"http:\/\/test.feuerwehr-muessen.de\/?page_id=126"},"modified":"2015-06-03T18:45:55","modified_gmt":"2015-06-03T16:45:55","slug":"berichte-2013","status":"publish","type":"page","link":"https:\/\/feuerwehr-muessen.de\/index.php\/berichte-2013\/","title":{"rendered":"Berichte 2013"},"content":{"rendered":"<br \/>\n<h3 class=\"berichte\">28.10.2013 &#8211; 20:25 Uhr<\/h3>\n<p>  <span class=\"p_berichte\">Am Montag ist ein starker Sturm \u00fcber den Norden Deutschlands gezogen. Auch wenn es im Ort keine gr\u00f6\u00dferen Sturmsch\u00e4den gab, sind die Kameraden der Freiwilligen Feuerwehr M\u00fcssen am Abend auf dem \u00dcbungsdienst zur Kontrolle der Sturmsch\u00e4den losgefahren. Auf dem Radweg der Grabauer Stra\u00dfe ist ein Baum abgeknickt, den die Kameraden mit Hilfe einer Kettens\u00e4ge zers\u00e4gt und von diesem entfernt haben.<\/span><\/p>\n<h3 class=\"berichte\">07.10.2013 &#8211; 18:38 Uhr<\/h3>\n<p>  <span class=\"p_berichte\">Alarm f\u00fcr die Feuerwehr M\u00fcssen. Kurz zuvor war schon Martinshorn im Ort zu h\u00f6ren. Das DRK hatte die Feuerwehr zu einer Tragehilfe gerufen. Am Einsatzort stellten die Kameraden allerdings fest, dass im RTW eine Person bereits reanimiert wurde. Eine weitere Person wurde vermisst. Der Angriffstrupp ging mit Atemschutz ins Geb\u00e4ude vor, um eine weitere vermisste Person zu retten. Einige Kameraden mussten den Rettungsdienst bei der Reanimation unterst\u00fctzen.<br \/>W\u00e4hrend des Einsatzes stellte sich allerdings heraus, dass es sich um einer Alarm\u00fcbung handelte, die der Wehrf\u00fchrer zusammen mit dem DRK ausgearbeitet hat.<br \/>Nach dem Einsatzende gab es bei der Nachbesprechung Lob f\u00fcr Schnelligkeit der Kameraden sowie f\u00fcr die gute Zusammenarbeit mit dem DRK, allerdings auch Kritik f\u00fcr Verbesserungen.<br \/>Nach dem Dienstende gab es f\u00fcr die Kameraden noch ne hei\u00dfe Knackwurst.<\/span><\/p>\n<h3 class=\"berichte\">02.08.2013 &#8211; 7:12 Uhr<\/h3>\n<p>  <span class=\"p_berichte\">Am Freitagmorgen wurde die Feuerwehr M\u00fcssen um 7:11 zu einem entstehenden Fl\u00e4chenbrand in die Schwarzenbeker Stra\u00dfe gerufen. Vor Ort stellte sich heraus, dass es sich nicht wie gemeldet um einen Fl\u00e4chenbrand handelt, sondern um eine defekte Bew\u00e4sserungsanlage von einem angrenzenden Feld. Der Anrufer hat den Wassernebel wohl als Rauch wahrgenommen und die Feuerwehr alarmiert. Die Feuerwehr wurde nicht mehr t\u00e4tig und so konnten die 13 eingesetzten Kameraden nach 15 Minuten wieder einr\u00fccken.<\/span><\/p>\n<h3 class=\"berichte\">22.07.2013 &#8211; 16:08 Uhr<\/h3>\n<p>  <span class=\"p_berichte\">Am Montagnachmittag wurde die Feuerwehr wieder alarmiert. Es ist ein Fl\u00e4chenbrand in Schulendorf &#8222;Am Schulwald&#8220; gemeldet. Aufgrund der erh\u00f6hten Waldbrandfgefahr, wurden zeitgleich die Wehren aus Schulendorf, B\u00fcchen, Schwarzenbek, Wangelau sowie L\u00fctau mit alarmiert. Am Einsatzort brannten ca. 1000m\u00b2. Das Feuer wurde durch die Kameraden aus Wangelau und L\u00fctau abgel\u00f6scht.<br \/>Die Kameraden aus B\u00fcchen, M\u00fcssen, Schulendorf und Schwarzenbek kamen nicht mehr zum Einsatz.<br \/>Einsatzende f\u00fcr die 18 M\u00fcssener Kameraden war nach ca. einer halber Stunde.<br \/><img decoding=\"async\"  class=\"alignleft size-medium fotos_berichte\" src=\"https:\/\/feuerwehr-muessen.de\/wp-content\/uploads\/2015\/06\/flaechenbrand_schulendorf_3.jpg\"><\/span><\/p>\n<h3 class=\"berichte\">21.07.2013 &#8211; 16:07 Uhr<\/h3>\n<p>  <span class=\"p_berichte\">Am Sonntag Nachmittag wurden die Feuerwehren M\u00fcssen, B\u00fcchen und Klein Pampau nach dem Einsatzstichwort &#8222;Feuer Mittel&#8220; &#8222;brennt Hecke am Carport&#8220; in die Bergstra\u00dfe alarmiert.<br \/>Am Einsatzort brannte eine Hecke, dessen Feuer auf einen Holzschuppen \u00fcbergreifen zu drohte. Die Kameraden haben den Heckenbrand mit ca. 600l Wasser abgel\u00f6scht.<br \/>Die mitalarmierten Kr\u00e4fte aus Klein Pampau und B\u00fcchen kamen nicht zum Einsatz.<br \/>Im Einsatz waren an diesen Sonntag Nachmittag 15 M\u00fcssener Kameraden.<\/span><\/p>\n<h3 class=\"berichte\">10.07.2013 &#8211; 13:47 Uhr<\/h3>\n<p>  <span class=\"p_berichte\">Alarmierung am Mittwoch Nachmittag zu einem B\u00f6schungsbrand Ortsausgang M\u00fcssen in Richtung B\u00fcchen. Ein vorbeifahrender Autofahrer hat das Feuer gemeldet, welches sich neben einem Getreidefeld befand. Beim Eintreffen der Kameraden war das etwa 4m\u00b2 gro\u00dfe Feuer durch den und 2 weiteren Autofahrern bereits ausgetreten worden. Die Kameraden l\u00f6schten die Fl\u00e4che vorsorglich noch ab.<br \/>Durch das beherzte eingreifen des Autofahrers, ist ein Fl\u00e4chenbrand von dem Getreidefeld verhindert worden.<br \/>Einsatzende f\u00fcr dir 9 M\u00fcssener Kameraden war gegen 14.30 Uhr.<br \/><img decoding=\"async\"  class=\"alignleft size-medium fotos_berichte\" src=\"https:\/\/feuerwehr-muessen.de\/wp-content\/uploads\/2015\/06\/buechenerstr.jpg\"><\/span><\/p>\n<h3 class=\"berichte\">10.06.2013 &#8211; 18:02 Uhr<\/h3>\n<p>  <span class=\"p_berichte\">Erneute Alarmierung zur Elbe. Die Feuerwehren M\u00fcssen und Schulendorf wurden Zeitgleich \u00fcber Sirene alarmiert. Treffpunkt war am Bereitstellungsraum &#8222;am Schl\u00fcsselteich&#8220; in Lauenburg. Von dort sind beide Wehren gemeinsam zum Bahnhof gefahren. Die Aufgabe war es, Sands\u00e4cke von LKW auf eine Lohre der Bahn AG zu verladen.<br \/><img decoding=\"async\"  class=\"alignleft size-medium fotos_berichte\" src=\"https:\/\/feuerwehr-muessen.de\/wp-content\/uploads\/2015\/06\/P6100122.jpg\"><\/p>\n<p><img decoding=\"async\"  class=\"alignleft size-medium fotos_berichte\" src=\"https:\/\/feuerwehr-muessen.de\/wp-content\/uploads\/2015\/06\/P6100123.jpg\"><br \/>Einsatzende f\u00fcr die Kameraden war um 21 Uhr<\/span><\/p>\n<h3 class=\"berichte\">08.06.2013 &#8211; 21:15 Uhr<\/h3>\n<p>  <span class=\"p_berichte\">Der Wehrf\u00fchrer wurde am Samstag abend telfonisch informiert, das der VW Bus (MTW) f\u00fcr Evakuierungszwecke ben\u00f6tigt wird. Kurze Zeit sp\u00e4ter wurde das MTW sowie der Schulbus vom DRK abgeholt.<br \/>Beide Fahrzeuge sind am Sonntagabend gegen 18 Uhr zur\u00fcck gebracht.<\/span><\/p>\n<h3 class=\"berichte\">05.06.2013 &#8211; 21:10 Uhr<\/h3>\n<p>  <span class=\"p_berichte\">Um 21:10 hat der Wehrf\u00fchrer erneut die Sirenen ausl\u00f6sen lassen, um die Kameraden herbei zu rufen. Die Sporthalle wurde kurz zuvor als Bereitstellungsraum erkl\u00e4rt. Nun galt es, das DRK zu unterst\u00fctzen, Feldbetten in der Sporthalle und im neu gebauten Naturkundehaus aufzubauen<br \/>Der Bereitstellungsraum f\u00fcr die Nacht war f\u00fcr das THW bestimmt, die gegen 23 Uhr nach M\u00fcssen hinein rollten<\/p>\n<p><img decoding=\"async\"  class=\"alignleft size-medium fotos_berichte\" src=\"https:\/\/feuerwehr-muessen.de\/wp-content\/uploads\/2015\/06\/sporthalle.jpg\"><\/span><\/p>\n<h3 class=\"berichte\">05.06.2013 &#8211; 20:21 Uhr<\/h3>\n<p>  <span class=\"p_berichte\">Der Wehrf\u00fchrer hat um 20:21 Uhr die Sieren im Ort ausl\u00f6sen lassen, um die Kameraden \u00fcber die Situation in Lauenburg aufzukl\u00e4ren, da am Nachmittag f\u00fcr den Kreis Herzogtum Lauenburg Kathastrophenalarm ausgel\u00f6st wurde.<\/span><\/p>\n<h3 class=\"berichte\">05.06.2013 &#8211; 7 Uhr<\/h3>\n<p>  <span class=\"p_berichte\">Die Freiwiilige Feuerwehr M\u00fcssen hat am Dienstag Nachmittag von der Einsatzleitung Lauenburg den Marschbefehl f\u00fcr Mittwoch morgen bekommen. Die Alarmierung fand telefonisch durch den Wehrf\u00fchrer statt, so das die Kameraden mit einer Gruppe um 7 Uhr nach Lauenburg aufbrechen konnte. Von der Einsatzleitung wurden dann die Feuerwehren G\u00fcster, Sch\u00f6nberg, Franzdorf und M\u00fcssen in die Elbstra\u00dfe Abschnitt 2 zum Sands\u00e4cke f\u00fcllen eingeteilt.<br \/>Die Verpflegung mit Getr\u00e4nken, Fr\u00fchst\u00fcck sowie Mittag haben Kameraden aus Lauenburg sowie das DRK Lauenburg organisiert.<\/p>\n<p>Die eingesetzten  Kameraden wurden um 13 Uhr durch weitere Feuerwehren des Kreises abgel\u00f6st und sind wieder einger\u00fcckt.<br \/><img decoding=\"async\"  class=\"alignleft size-medium fotos_berichte\" src=\"https:\/\/feuerwehr-muessen.de\/wp-content\/uploads\/2015\/06\/lauenburg.jpg\"><\/span><\/p>\n<h3 class=\"berichte\">22.02.2013<\/h3>\n<p>  <span class=\"p_berichte\">Am Freitagabend um 17:38 Uhr wurden die Kameraden der Feuerwehr M\u00fcssen, der Rettungsdienst sowie die Polizei in den R\u00e4tjenweg gerufen. Ein Trecker ist auf spiegelglatter Strasse beim Ausweichen eines entgegenkommenden PKWs in die Bankette gerutscht und auf einer Koppel umgekippt. Die nachalarmierte Feuerwehr Schwarzenbek hat Ihren Einsatz nach R\u00fccksprache mit dem Einsatzleiter abgebrochen. Der verungl\u00fcckte Fahrer ist in seiner Kabine eingeklemmt worden. Die Kameraden haben mittels hydraulischen Rettungsger\u00e4t die Kabine des Trecker St\u00fcckweise angehoben, und w\u00e4hrend dessen das Erdreich unter der eingeklemmten Person entfernt. Der befreite Person wurde mit dem RTW ins Krankenhaus gebracht. Einsatzende f\u00fcr die 26 M\u00fcssener Kameraden war nach 1,5 Std. Die Bergung des verungl\u00fcgten Trecker hat der Eigent\u00fcmer \u00fcbernommen.<br \/><!--<a href=\"..\/bilder\/trecker\/index.html\" target=\"_blank\">Bilder zum Einsatz<\/a>--><\/span><\/p>\n<h3 class=\"berichte\">31.01.2013<\/h3>\n<p>  <span class=\"p_berichte\">Nach dem Einr\u00fccken der Wehr stellte der Hausmeister der Grundschule fest, da\u00df der Bauzaun vom der Baustelle des Naturkundehauses durch den Sturm umgefallen war, so da\u00df die Kameraden diesen gleich von der Stra\u00dfe ger\u00e4umt haben.<\/span><\/p>\n<h3 class=\"berichte\">31.01.2013<\/h3>\n<p>  <span class=\"p_berichte\">Um 3:19 Uhr heulten im Amt B\u00fcchen in vieler Orts die Sirenen. Es wurde ein &#8222;Feuer Gro\u00df&#8220; gemeldet. Die Wehren aus B\u00fcchen, Siebeneichen, Roseburg, Klein Pampau und M\u00fcssen fuhren zu einem im Vollbrand stehenden Einfamilienhaus im Baumschulenweg in Klein Pampau. Dazu wurde automatisch die TEL (Technische Einsatzleitung), Rettungswagen und die Polizei mit alarmiert. Beim Eintreffen der Einsatzkr\u00e4fte schlugen die Flammen von dem Blockhaus schon ca. 20 m in den Himmel. Der starke Wind sorgte f\u00fcr ein schnelles ausbreiten der Flammen in dem von B\u00e4umen eingefassten Gel\u00e4nde. Die Wasserversorgung wurde von 2 Oberflurhydranten sowie einem Teich aufgebaut. Das Feuer wurde aus 6 C-Strahlrohren unter schwerem Atemschutz von allen Seiten bek\u00e4mpft. Zwischendurch waren auch immer wieder Explosionen von dem brennenden Geb\u00e4ude zu h\u00f6ren.  Dazu kam es zu mehreren Rauchgasdurchz\u00fcndungen. Das aus Holz bestehende Einfamilienhaus war nicht zuhalten. Ein Nachbargeb\u00e4ude, sowie B\u00fcrogeb\u00e4ude wurden gehalten &#8211; eine Waldbrandgefahr verhindert.<br \/> F\u00fcr die Einsatzwiederherstellung der Feuerwehren wurde noch die Rufbereitschaft des Kreises alarmiert. Einsatzende f\u00fcr die auswertigen Wehren war gegen 6 Uhr morgens. Die noch andauerenden Nachl\u00f6scharbeiten hat die Feuerwehr Klein Pampau \u00fcbernommen. Im Einsatz waren ca. 70 Feuerwehrleute davon 24 M\u00fcssener Kameraden. <!--<a href=\"..\/bilder\/baumschulenweg\/index.html\" target=\"_blank\">Bilder zum Einsatz<\/a>--><\/span><\/p>\n","protected":false},"excerpt":{"rendered":"<p>28.10.2013 &#8211; 20:25 Uhr Am Montag ist ein starker Sturm \u00fcber den Norden Deutschlands gezogen. Auch wenn es im Ort keine gr\u00f6\u00dferen Sturmsch\u00e4den gab, sind die Kameraden der Freiwilligen Feuerwehr M\u00fcssen am Abend auf dem \u00dcbungsdienst zur Kontrolle der Sturmsch\u00e4den losgefahren. Auf dem Radweg der Grabauer Stra\u00dfe ist ein Baum abgeknickt, den die Kameraden mit &hellip; <a href=\"https:\/\/feuerwehr-muessen.de\/index.php\/berichte-2013\/\" class=\"more-link\"><span class=\"screen-reader-text\">Berichte 2013<\/span> weiterlesen <span class=\"meta-nav\">&rarr;<\/span><\/a><\/p>\n","protected":false},"author":1,"featured_media":0,"parent":0,"menu_order":0,"comment_status":"closed","ping_status":"closed","template":"","meta":{"ngg_post_thumbnail":0,"footnotes":""},"class_list":["post-126","page","type-page","status-publish","hentry"],"_links":{"self":[{"href":"https:\/\/feuerwehr-muessen.de\/index.php\/wp-json\/wp\/v2\/pages\/126","targetHints":{"allow":["GET"]}}],"collection":[{"href":"https:\/\/feuerwehr-muessen.de\/index.php\/wp-json\/wp\/v2\/pages"}],"about":[{"href":"https:\/\/feuerwehr-muessen.de\/index.php\/wp-json\/wp\/v2\/types\/page"}],"author":[{"embeddable":true,"href":"https:\/\/feuerwehr-muessen.de\/index.php\/wp-json\/wp\/v2\/users\/1"}],"replies":[{"embeddable":true,"href":"https:\/\/feuerwehr-muessen.de\/index.php\/wp-json\/wp\/v2\/comments?post=126"}],"version-history":[{"count":1,"href":"https:\/\/feuerwehr-muessen.de\/index.php\/wp-json\/wp\/v2\/pages\/126\/revisions"}],"predecessor-version":[{"id":127,"href":"https:\/\/feuerwehr-muessen.de\/index.php\/wp-json\/wp\/v2\/pages\/126\/revisions\/127"}],"wp:attachment":[{"href":"https:\/\/feuerwehr-muessen.de\/index.php\/wp-json\/wp\/v2\/media?parent=126"}],"curies":[{"name":"wp","href":"https:\/\/api.w.org\/{rel}","templated":true}]}}